{"id":2092,"date":"2015-10-16T11:04:33","date_gmt":"2015-10-16T09:04:33","guid":{"rendered":"http:\/\/prevencion.zeus.umh.es\/2009\/09\/30\/50-campa\u00f1a-de-vacunacion-de-la-gripe-estacional-2010\/"},"modified":"2025-10-27T08:32:56","modified_gmt":"2025-10-27T07:32:56","slug":"50-campana-de-vacunacion-de-la-gripe-estacional-2010","status":"publish","type":"page","link":"https:\/\/prevencion.umh.es\/ca\/servicio-medico\/50-campana-de-vacunacion-de-la-gripe-estacional-2010\/","title":{"rendered":"Campa\u00f1a de vacunaci\u00f3n de la gripe estacional"},"content":{"rendered":"<p><strong>\u00a0<\/strong><\/p>\n<p class=\"MsoNormal\" style=\"margin: 0cm 0cm 0pt;text-align: center\" align=\"center\"><span style=\"font-size: 16pt;font-family: Arial\" lang=\"ES-TRAD\">CAMPA\u00d1A DE VACUNACION CONTRA LA GRIPE ESTACIONAL 2011<\/span><\/p>\n<p class=\"MsoNormal\" style=\"margin: 0cm 0cm 0pt\"><span style=\"font-family: Arial\" lang=\"ES-TRAD\"><span style=\"font-size: small\">\u00a0<\/span><\/span><\/p>\n<p class=\"MsoNormal\" style=\"margin: 0cm 0cm 0pt;text-align: justify\"><span style=\"font-family: Arial\" lang=\"ES-TRAD\"><span style=\"font-size: small\">En la colaboraci\u00f3n con la Mutua ASEPEYO y SOCIEDAD de PREVENCION DE FREMAP, en las fechas, horario y lugar que m\u00e1s abajo se detallan, se proceder\u00e1, para el <span>\u00a0<\/span>personal de la Universidad (PDI, PAS y becarios de investigaci\u00f3n), a la vacunaci\u00f3n voluntaria antigripal<\/span><\/span><\/p>\n<p class=\"MsoNormal\" style=\"margin: 0cm 0cm 0pt\"><span style=\"font-family: Arial\" lang=\"ES-TRAD\"><span style=\"font-size: small\">\u00a0<\/span><\/span><\/p>\n<p class=\"MsoNormal\" style=\"margin: 0cm 0cm 0pt\"><span style=\"font-family: Arial\" lang=\"ES-TRAD\"><span style=\"font-size: small\">Campus de Elche:<\/span><\/span><\/p>\n<p class=\"MsoNormal\" style=\"margin: 0cm 0cm 0pt\"><span style=\"font-family: Arial\" lang=\"ES-TRAD\"><span style=\"font-size: small\">\u00a0<\/span><\/span><\/p>\n<p class=\"MsoNormal\" style=\"margin: 0cm 0cm 0pt 18pt\"><span lang=\"ES-TRAD\"><span><span style=\"font-size: small\">&#8211;<\/span><span>\u00a0\u00a0\u00a0\u00a0\u00a0\u00a0\u00a0\u00a0 <\/span><\/span><\/span><span style=\"font-family: Arial\" lang=\"ES-TRAD\"><span style=\"font-size: small\">Fechas: 13,14, 17, 18 y 19 <span>\u00a0<\/span>de Octubre <\/span><\/span><\/p>\n<p class=\"MsoNormal\" style=\"margin: 0cm 0cm 0pt 18pt\"><span lang=\"ES-TRAD\"><span><span style=\"font-size: small\">&#8211;<\/span><span>\u00a0\u00a0\u00a0\u00a0\u00a0\u00a0\u00a0\u00a0 <\/span><\/span><\/span><span style=\"font-family: Arial\" lang=\"ES-TRAD\"><span style=\"font-size: small\">Horario: de 11,30 a <span>\u00a0<\/span>14,00 horas<\/span><\/span><\/p>\n<p class=\"MsoNormal\" style=\"margin: 0cm 0cm 0pt 18pt\"><span lang=\"ES-TRAD\"><span><span style=\"font-size: small\">&#8211;<\/span><span>\u00a0\u00a0\u00a0\u00a0\u00a0\u00a0\u00a0\u00a0 <\/span><\/span><\/span><span style=\"font-family: Arial\" lang=\"ES-TRAD\"><span style=\"font-size: small\">Lugar: planta baja del Edificio Helike, locales del Servicio <span>\u00a0<\/span>M\u00e9dico, <\/span><\/span><\/p>\n<p class=\"MsoNormal\" style=\"margin: 0cm 0cm 0pt\"><span style=\"font-family: Arial\" lang=\"ES-TRAD\"><span style=\"font-size: small\">\u00a0<\/span><\/span><\/p>\n<p class=\"MsoNormal\" style=\"margin: 0cm 0cm 0pt\"><span style=\"font-family: Arial\" lang=\"ES-TRAD\"><span style=\"font-size: small\">Campus de San Juan:<\/span><\/span><\/p>\n<p class=\"MsoNormal\" style=\"margin: 0cm 0cm 0pt\"><span style=\"font-family: Arial\" lang=\"ES-TRAD\"><span style=\"font-size: small\">\u00a0<\/span><\/span><\/p>\n<p class=\"MsoNormal\" style=\"margin: 0cm 0cm 0pt 18pt\"><span lang=\"ES-TRAD\"><span><span style=\"font-size: small\">&#8211;<\/span><span>\u00a0\u00a0\u00a0\u00a0\u00a0\u00a0\u00a0\u00a0 <\/span><\/span><\/span><span style=\"font-family: Arial\" lang=\"ES-TRAD\"><span style=\"font-size: small\">Fechas: 20 Octubre,<span>\u00a0 <\/span>de <span>\u00a0<\/span>12,00 a 13,30 horas <\/span><\/span><\/p>\n<p class=\"MsoNormal\" style=\"margin: 0cm 0cm 0pt 36pt\"><span style=\"font-family: Arial\" lang=\"ES-TRAD\"><span style=\"font-size: small\"><span>\u00a0\u00a0\u00a0\u00a0\u00a0\u00a0\u00a0 <\/span>21 Octubre,<span>\u00a0 <\/span>de <span>\u00a0<\/span>12,00 a 13,30 horas.<\/span><\/span><\/p>\n<p class=\"MsoNormal\" style=\"margin: 0cm 0cm 0pt 18pt\"><span lang=\"ES-TRAD\"><span><span style=\"font-size: small\">&#8211;<\/span><span>\u00a0\u00a0\u00a0\u00a0\u00a0\u00a0\u00a0\u00a0 <\/span><\/span><\/span><span style=\"font-family: Arial\" lang=\"ES-TRAD\"><span style=\"font-size: small\">Lugar: Edificio 1 (Facultad Medicina), Aula 2<\/span><\/span><\/p>\n<p class=\"MsoNormal\" style=\"margin: 0cm 0cm 0pt\"><span style=\"font-family: Arial\" lang=\"ES-TRAD\"><span style=\"font-size: small\">\u00a0<\/span><\/span><\/p>\n<p class=\"MsoNormal\" style=\"margin: 0cm 0cm 0pt\"><span style=\"font-family: Arial\" lang=\"ES-TRAD\"><span style=\"font-size: small\">Campus de Orihuela. <\/span><\/span><\/p>\n<p class=\"MsoNormal\" style=\"margin: 0cm 0cm 0pt\"><span style=\"font-family: Arial\" lang=\"ES-TRAD\"><span style=\"font-size: small\">\u00a0<\/span><\/span><\/p>\n<p class=\"MsoNormal\" style=\"margin: 0cm 0cm 0pt 18pt\"><span lang=\"ES-TRAD\"><span><span style=\"font-size: small\">&#8211;<\/span><span>\u00a0\u00a0\u00a0\u00a0\u00a0\u00a0\u00a0\u00a0 <\/span><\/span><\/span><span style=\"font-family: Arial\" lang=\"ES-TRAD\"><span style=\"font-size: small\">Fecha: 24 de Octubre.<\/span><\/span><\/p>\n<p class=\"MsoNormal\" style=\"margin: 0cm 0cm 0pt 18pt\"><span lang=\"ES-TRAD\"><span><span style=\"font-size: small\">&#8211;<\/span><span>\u00a0\u00a0\u00a0\u00a0\u00a0\u00a0\u00a0\u00a0 <\/span><\/span><\/span><span style=\"font-family: Arial\" lang=\"ES-TRAD\"><span style=\"font-size: small\">Horario: de 12,00 a 13,30 horas.<\/span><\/span><\/p>\n<p class=\"MsoNormal\" style=\"margin: 0cm 0cm 0pt\"><span style=\"font-family: Arial\" lang=\"ES-TRAD\"><span style=\"font-size: small\">&#8211;<span>\u00a0\u00a0\u00a0 <\/span>Lugar: Local de primeros auxilios. <\/span><\/span><\/p>\n<p class=\"MsoNormal\" style=\"margin: 0cm 0cm 0pt\"><span style=\"font-family: Arial\" lang=\"ES-TRAD\"><span style=\"font-size: small\">\u00a0<\/span><\/span><\/p>\n<p class=\"MsoNormal\" style=\"margin: 0cm 0cm 0pt\"><span style=\"font-family: Arial\" lang=\"ES-TRAD\"><span style=\"font-size: small\">Campus de Altea<\/span><\/span><\/p>\n<p class=\"MsoNormal\" style=\"margin: 0cm 0cm 0pt\"><span style=\"font-family: Arial\" lang=\"ES-TRAD\"><span style=\"font-size: small\">\u00a0<\/span><\/span><\/p>\n<p class=\"MsoNormal\" style=\"margin: 0cm 0cm 0pt 18pt\"><span lang=\"ES-TRAD\"><span><span style=\"font-size: small\">&#8211;<\/span><span>\u00a0\u00a0\u00a0\u00a0\u00a0\u00a0\u00a0\u00a0 <\/span><\/span><\/span><span style=\"font-family: Arial\" lang=\"ES-TRAD\"><span style=\"font-size: small\">Fecha: 26 de Octubre.<\/span><\/span><\/p>\n<p class=\"MsoNormal\" style=\"margin: 0cm 0cm 0pt 18pt\"><span lang=\"ES-TRAD\"><span><span style=\"font-size: small\">&#8211;<\/span><span>\u00a0\u00a0\u00a0\u00a0\u00a0\u00a0\u00a0\u00a0 <\/span><\/span><\/span><span style=\"font-family: Arial\" lang=\"ES-TRAD\"><span style=\"font-size: small\">Horario: de 12,00 a 13,30 horas.<span>\u00a0\u00a0\u00a0\u00a0\u00a0\u00a0\u00a0 <\/span><\/span><\/span><\/p>\n<p class=\"MsoNormal\" style=\"margin: 0cm 0cm 0pt 18pt\"><span lang=\"ES-TRAD\"><span><span style=\"font-size: small\">&#8211;<\/span><span>\u00a0\u00a0\u00a0\u00a0\u00a0\u00a0\u00a0\u00a0 <\/span><\/span><\/span><span style=\"font-family: Arial\" lang=\"ES-TRAD\"><span style=\"font-size: small\">Lugar: Instalaciones del CEGECA<\/span><\/span><\/p>\n<p class=\"MsoNormal\" style=\"margin: 0cm 0cm 0pt\"><span style=\"font-family: Arial\" lang=\"ES-TRAD\"><span style=\"font-size: small\">\u00a0<\/span><\/span><\/p>\n<p class=\"MsoNormal\" style=\"margin: 0cm 0cm 0pt;text-align: justify\"><span style=\"font-family: Arial\" lang=\"ES-TRAD\"><span style=\"font-size: small\">Para cualquier duda o aclaraci\u00f3n dirigirse al<span>\u00a0 <\/span>Servicio Medico por correo electr\u00f3nico: <\/span><a href=\"mailto:servicio.medico@umh.es\"><span style=\"font-size: small\">servicio.medico@umh.es<\/span><\/a><\/span><\/p>\n<p class=\"MsoNormal\" style=\"margin: 0cm 0cm 0pt\"><span style=\"font-family: Arial\" lang=\"ES-TRAD\"><span style=\"font-size: small\">\u00a0<\/span><\/span><\/p>\n<p><\/p>","protected":false},"excerpt":{"rendered":"<p>\u00a0<br \/>\nCAMPA\u00d1A DE VACUNACION CONTRA LA GRIPE ESTACIONAL 2011<br \/>\n\u00a0<br \/>\nEn la colaboraci\u00f3n con la Mutua ASEPEYO y SOCIEDAD de PREVENCION DE FREMAP, en las fechas, horario y lugar que m\u00e1s abajo se detallan, se proceder\u00e1, para el \u00a0personal de la Universidad (PDI, PAS y becarios de investigaci\u00f3n), a la vacunaci\u00f3n voluntaria antigripal<br \/>\n\u00a0<br \/>\nCampus de Elche:<br \/>\n\u00a0<br \/>\n&#8211;\u00a0\u00a0\u00a0\u00a0\u00a0\u00a0\u00a0\u00a0 Fechas: 13,14, 17, [&#8230;]<\/p>\n","protected":false},"author":139,"featured_media":0,"parent":2108,"menu_order":60,"comment_status":"closed","ping_status":"open","template":"","meta":{"_links_to":"","_links_to_target":""},"_links":{"self":[{"href":"https:\/\/prevencion.umh.es\/ca\/wp-json\/wp\/v2\/pages\/2092"}],"collection":[{"href":"https:\/\/prevencion.umh.es\/ca\/wp-json\/wp\/v2\/pages"}],"about":[{"href":"https:\/\/prevencion.umh.es\/ca\/wp-json\/wp\/v2\/types\/page"}],"author":[{"embeddable":true,"href":"https:\/\/prevencion.umh.es\/ca\/wp-json\/wp\/v2\/users\/139"}],"replies":[{"embeddable":true,"href":"https:\/\/prevencion.umh.es\/ca\/wp-json\/wp\/v2\/comments?post=2092"}],"version-history":[{"count":0,"href":"https:\/\/prevencion.umh.es\/ca\/wp-json\/wp\/v2\/pages\/2092\/revisions"}],"up":[{"embeddable":true,"href":"https:\/\/prevencion.umh.es\/ca\/wp-json\/wp\/v2\/pages\/2108"}],"wp:attachment":[{"href":"https:\/\/prevencion.umh.es\/ca\/wp-json\/wp\/v2\/media?parent=2092"}],"curies":[{"name":"wp","href":"https:\/\/api.w.org\/{rel}","templated":true}]}}